{"id":1383,"date":"2019-12-09T14:55:41","date_gmt":"2019-12-09T13:55:41","guid":{"rendered":"https:\/\/mayerczyk.fr\/?page_id=1383"},"modified":"2020-02-12T19:01:39","modified_gmt":"2020-02-12T18:01:39","slug":"partenaires","status":"publish","type":"page","link":"https:\/\/mayerczyk.fr\/index.php\/partenaires\/","title":{"rendered":"Partenaires"},"content":{"rendered":"\n<div class=\"wp-block-columns\">\n<div class=\"wp-block-column\">\n<figure class=\"wp-block-image size-large is-resized\"><a href=\"https:\/\/www.valeursetvaleur.com\/\"><img loading=\"lazy\" src=\"https:\/\/mayerczyk.fr\/wp-content\/uploads\/2020\/01\/logo-valeurs-et-valeur.png\" alt=\"\" class=\"wp-image-1583\" width=\"210\" height=\"210\" srcset=\"https:\/\/mayerczyk.fr\/wp-content\/uploads\/2020\/01\/logo-valeurs-et-valeur.png 200w, https:\/\/mayerczyk.fr\/wp-content\/uploads\/2020\/01\/logo-valeurs-et-valeur-150x150.png 150w\" sizes=\"(max-width: 210px) 100vw, 210px\" \/><\/a><\/figure>\n<\/div>\n\n\n\n<div class=\"wp-block-column\">\n<p><\/p>\n\n\n\n<p class=\"has-text-color has-text-align-center has-vivid-red-color\"><strong>Ce cabinet de recrutement partage les m\u00eames valeurs que moi et fait preuve d&#8217;un grand professionnalisme<\/strong> &#8211; <strong>Lille<\/strong><\/p>\n<\/div>\n<\/div>\n\n\n\n<div class=\"wp-block-columns\">\n<div class=\"wp-block-column\">\n<figure class=\"wp-block-image size-large\"><a href=\"https:\/\/www.linkedin.com\/in\/sandrine-desramault-journel-a8915182\/\"><img loading=\"lazy\" width=\"1024\" height=\"944\" src=\"https:\/\/mayerczyk.fr\/wp-content\/uploads\/2020\/02\/ooapin-1-1024x944.jpg\" alt=\"\" class=\"wp-image-1983\" srcset=\"https:\/\/mayerczyk.fr\/wp-content\/uploads\/2020\/02\/ooapin-1-1024x944.jpg 1024w, https:\/\/mayerczyk.fr\/wp-content\/uploads\/2020\/02\/ooapin-1-300x276.jpg 300w, https:\/\/mayerczyk.fr\/wp-content\/uploads\/2020\/02\/ooapin-1-768x708.jpg 768w, https:\/\/mayerczyk.fr\/wp-content\/uploads\/2020\/02\/ooapin-1.jpg 1326w\" sizes=\"(max-width: 1024px) 100vw, 1024px\" \/><\/a><\/figure>\n<\/div>\n\n\n\n<div class=\"wp-block-column\">\n<p class=\"has-text-color has-vivid-red-color\"><strong>Sandrine Journel &#8211; Lille<\/strong><\/p>\n\n\n\n<p>Une professionnelle d&#8217;exp\u00e9rience dans l&#8217;accompagnement du d\u00e9veloppement professionnel et personnel <\/p>\n<\/div>\n<\/div>\n\n\n\n<p><\/p>\n\n\n\n<p><\/p>\n\n\n\n<p><\/p>\n\n\n\n<p><\/p>\n\n\n\n<div class=\"wp-block-columns\">\n<div class=\"wp-block-column\">\n<figure class=\"wp-block-image size-large is-resized\"><a href=\"https:\/\/www.linkedin.com\/in\/renaudboudry\/\"><img loading=\"lazy\" src=\"https:\/\/mayerczyk.fr\/wp-content\/uploads\/2020\/02\/Photo-Renaud-Boudry-Coach-946x1024.jpg\" alt=\"\" class=\"wp-image-1938\" width=\"157\" height=\"169\" srcset=\"https:\/\/mayerczyk.fr\/wp-content\/uploads\/2020\/02\/Photo-Renaud-Boudry-Coach-946x1024.jpg 946w, https:\/\/mayerczyk.fr\/wp-content\/uploads\/2020\/02\/Photo-Renaud-Boudry-Coach-277x300.jpg 277w, https:\/\/mayerczyk.fr\/wp-content\/uploads\/2020\/02\/Photo-Renaud-Boudry-Coach-768x831.jpg 768w, https:\/\/mayerczyk.fr\/wp-content\/uploads\/2020\/02\/Photo-Renaud-Boudry-Coach.jpg 1264w\" sizes=\"(max-width: 157px) 100vw, 157px\" \/><\/a><figcaption><br><\/figcaption><\/figure>\n<\/div>\n\n\n\n<div class=\"wp-block-column\">\n<p class=\"has-text-color has-vivid-red-color\"><strong>Renaud Boudry &#8211; Lille<\/strong><\/p>\n\n\n\n<p>Executive coach Start-Up \ud83d\ude80 &#8211; Entrepreneur OUI et HUMAIN d&#8217;abord\u2764 <\/p>\n<\/div>\n<\/div>\n\n\n\n<div class=\"wp-block-columns\">\n<div class=\"wp-block-column\" style=\"flex-basis:66.66%\">\n<figure class=\"wp-block-image size-large is-resized\"><a href=\"https:\/\/www.linkedin.com\/in\/sabine-giacinti-633328134\/\"><img loading=\"lazy\" src=\"https:\/\/mayerczyk.fr\/wp-content\/uploads\/2020\/02\/site-sabine-.jpg\" alt=\"\" class=\"wp-image-2066\" width=\"315\" height=\"224\" srcset=\"https:\/\/mayerczyk.fr\/wp-content\/uploads\/2020\/02\/site-sabine-.jpg 559w, https:\/\/mayerczyk.fr\/wp-content\/uploads\/2020\/02\/site-sabine--300x214.jpg 300w\" sizes=\"(max-width: 315px) 100vw, 315px\" \/><\/a><\/figure>\n<\/div>\n\n\n\n<div class=\"wp-block-column\" style=\"flex-basis:33.33%\">\n<p class=\"has-text-color has-vivid-red-color\"><strong>Sabine Giacinti &#8211;  Poitiers<\/strong><\/p>\n\n\n\n<p> Coach professionnelle certifi\u00e9e Erickson International  ACTP, formatrice et consultante, innovation manag\u00e9riale  <\/p>\n<\/div>\n<\/div>\n\n\n\n<p><\/p>\n\n\n\n<p><\/p>\n\n\n\n<h5 class=\"has-vivid-red-color has-text-color\"><a href=\"http:\/\/www.coach-meditation.info\">Christophe Pascal &#8211; Coach &#8211; M\u00e9ditation<\/a> &#8211; Nord &#8211; Pas de Calais<\/h5>\n\n\n\n<div class=\"wp-block-media-text alignwide\"><figure class=\"wp-block-media-text__media\"><img loading=\"lazy\" width=\"300\" height=\"225\" src=\"https:\/\/mayerczyk.fr\/wp-content\/uploads\/2020\/01\/pascal-meditation-1-300x225.jpg\" alt=\"\" class=\"wp-image-1756\" srcset=\"https:\/\/mayerczyk.fr\/wp-content\/uploads\/2020\/01\/pascal-meditation-1-300x225.jpg 300w, https:\/\/mayerczyk.fr\/wp-content\/uploads\/2020\/01\/pascal-meditation-1.jpg 320w\" sizes=\"(max-width: 300px) 100vw, 300px\" \/><\/figure><div class=\"wp-block-media-text__content\">\n<p class=\"has-normal-font-size\">Dipl\u00f4m\u00e9 ing\u00e9nieur Centrale, Lille, apr\u00e8s une exp\u00e9rience de manager, de cr\u00e9ateur d&#8217;entreprise et de coach, il s&#8217;est form\u00e9 \u00e0 la pratique et l&#8217;<strong>enseignement de la pleine conscience<\/strong>&nbsp;\u00e0 l&#8217;h\u00f4pital Vincent Van Gogh de Charleroi par&nbsp;<strong>Jacques Splaingaire<\/strong>. <\/p>\n<\/div><\/div>\n\n\n\n<h5 class=\"has-vivid-red-color has-text-color\"><a href=\"http:\/\/epa-poitoucharentes.fr\">Entreprendre pour apprendre<\/a> &#8211; Association pour former \u00e0 l&#8217;entreprenariat &#8211; <strong>Poitiers<\/strong><\/h5>\n\n\n\n<div class=\"wp-block-media-text alignwide\" style=\"grid-template-columns:37% auto\"><figure class=\"wp-block-media-text__media\"><img loading=\"lazy\" width=\"225\" height=\"225\" src=\"https:\/\/mayerczyk.fr\/wp-content\/uploads\/2019\/12\/entreprendre-pour-apprendre-logo.jpg\" alt=\"\" class=\"wp-image-1389\" srcset=\"https:\/\/mayerczyk.fr\/wp-content\/uploads\/2019\/12\/entreprendre-pour-apprendre-logo.jpg 225w, https:\/\/mayerczyk.fr\/wp-content\/uploads\/2019\/12\/entreprendre-pour-apprendre-logo-150x150.jpg 150w\" sizes=\"(max-width: 225px) 100vw, 225px\" \/><\/figure><div class=\"wp-block-media-text__content\">\n<p><strong>Mission :<\/strong>&nbsp;sensibiliser les jeunes au monde \u00e9conomique, \u00e0 l\u2019entreprise. <\/p>\n\n\n\n<p><strong>P\u00e9dagogie : <\/strong>apprendre en \u00e9tant acteur au travers de la cr\u00e9ation de v\u00e9ritables mini entreprises, accompagn\u00e9es par les \u00e9quipes p\u00e9dagogiques, les membres de l\u2019association et des parrains d\u2019entreprises. <\/p>\n<\/div><\/div>\n","protected":false},"excerpt":{"rendered":"<p>Ce cabinet de recrutement partage les m\u00eames valeurs que moi et fait preuve d&#8217;un grand professionnalisme &#8211; Lille Sandrine Journel &#8211; Lille Une professionnelle d&#8217;exp\u00e9rience dans l&#8217;accompagnement du d\u00e9veloppement professionnel et personnel Renaud Boudry &#8211; Lille Executive coach Start-Up \ud83d\ude80 &#8211; Entrepreneur OUI et HUMAIN d&#8217;abord\u2764 Sabine Giacinti &#8211; Poitiers Coach professionnelle certifi\u00e9e Erickson International<\/p><\/div>\n<div class=\"blog-btn\"><a href=\"https:\/\/mayerczyk.fr\/index.php\/partenaires\/\" class=\"home-blog-btn\">Lire la suite<\/a><\/p>\n","protected":false},"author":2,"featured_media":0,"parent":0,"menu_order":0,"comment_status":"closed","ping_status":"closed","template":"","meta":[],"_links":{"self":[{"href":"https:\/\/mayerczyk.fr\/index.php\/wp-json\/wp\/v2\/pages\/1383"}],"collection":[{"href":"https:\/\/mayerczyk.fr\/index.php\/wp-json\/wp\/v2\/pages"}],"about":[{"href":"https:\/\/mayerczyk.fr\/index.php\/wp-json\/wp\/v2\/types\/page"}],"author":[{"embeddable":true,"href":"https:\/\/mayerczyk.fr\/index.php\/wp-json\/wp\/v2\/users\/2"}],"replies":[{"embeddable":true,"href":"https:\/\/mayerczyk.fr\/index.php\/wp-json\/wp\/v2\/comments?post=1383"}],"version-history":[{"count":38,"href":"https:\/\/mayerczyk.fr\/index.php\/wp-json\/wp\/v2\/pages\/1383\/revisions"}],"predecessor-version":[{"id":2070,"href":"https:\/\/mayerczyk.fr\/index.php\/wp-json\/wp\/v2\/pages\/1383\/revisions\/2070"}],"wp:attachment":[{"href":"https:\/\/mayerczyk.fr\/index.php\/wp-json\/wp\/v2\/media?parent=1383"}],"curies":[{"name":"wp","href":"https:\/\/api.w.org\/{rel}","templated":true}]}}